{"id":10696,"date":"2018-11-27T23:15:30","date_gmt":"2018-11-27T22:15:30","guid":{"rendered":"https:\/\/kulturbuero-radolfzell.de\/fine-arts\/"},"modified":"2024-08-08T12:38:19","modified_gmt":"2024-08-08T10:38:19","slug":"fine-arts","status":"publish","type":"page","link":"https:\/\/kulturbuero-radolfzell.de\/en\/fine-arts\/","title":{"rendered":"Fine arts"},"content":{"rendered":"<h2><strong>Art on the sculpture trail<\/strong><\/h2>\n<style type=\"text\/css\">\n\t\t\t#gallery-1 {\n\t\t\t\tmargin: auto;\n\t\t\t}\n\t\t\t#gallery-1 .gallery-item {\n\t\t\t\tfloat: left;\n\t\t\t\tmargin-top: 10px;\n\t\t\t\ttext-align: center;\n\t\t\t\twidth: 33%;\n\t\t\t}\n\t\t\t#gallery-1 img {\n\t\t\t\tborder: 2px solid #cfcfcf;\n\t\t\t}\n\t\t\t#gallery-1 .gallery-caption {\n\t\t\t\tmargin-left: 0;\n\t\t\t}\n\t\t\t\/* see gallery_shortcode() in wp-includes\/media.php *\/\n\t\t<\/style>\n<div id='gallery-1' class='gallery galleryid-10696 gallery-columns-3 gallery-size-thumbnail'>\n<dl class='gallery-item'>\n<dt class='gallery-icon landscape'>\n\t\t\t\t<a href='https:\/\/kulturbuero-radolfzell.de\/wp-content\/uploads\/sites\/9\/2023\/12\/rz_bildhauersymposium_76Net-1.jpg' rel=\"lightbox[gallery-0]\"><img loading=\"lazy\" decoding=\"async\" width=\"150\" height=\"150\" src=\"https:\/\/kulturbuero-radolfzell.de\/wp-content\/uploads\/sites\/9\/2023\/12\/rz_bildhauersymposium_76Net-1-150x150.jpg\" class=\"attachment-thumbnail size-thumbnail\" alt=\"\" srcset=\"https:\/\/kulturbuero-radolfzell.de\/wp-content\/uploads\/sites\/9\/2023\/12\/rz_bildhauersymposium_76Net-1-150x150.jpg 150w, https:\/\/kulturbuero-radolfzell.de\/wp-content\/uploads\/sites\/9\/2023\/12\/rz_bildhauersymposium_76Net-1-400x400.jpg 400w\" sizes=\"auto, (max-width: 150px) 100vw, 150px\" \/><\/a>\n\t\t\t<\/dt>\n<\/dl>\n<dl class='gallery-item'>\n<dt class='gallery-icon landscape'>\n\t\t\t\t<a href='https:\/\/kulturbuero-radolfzell.de\/wp-content\/uploads\/sites\/9\/2023\/12\/Seidt_Gruppe.jpg' rel=\"lightbox[gallery-0]\"><img loading=\"lazy\" decoding=\"async\" width=\"150\" height=\"150\" src=\"https:\/\/kulturbuero-radolfzell.de\/wp-content\/uploads\/sites\/9\/2023\/12\/Seidt_Gruppe-150x150.jpg\" class=\"attachment-thumbnail size-thumbnail\" alt=\"\" aria-describedby=\"gallery-1-10642\" srcset=\"https:\/\/kulturbuero-radolfzell.de\/wp-content\/uploads\/sites\/9\/2023\/12\/Seidt_Gruppe-150x150.jpg 150w, https:\/\/kulturbuero-radolfzell.de\/wp-content\/uploads\/sites\/9\/2023\/12\/Seidt_Gruppe-400x400.jpg 400w\" sizes=\"auto, (max-width: 150px) 100vw, 150px\" \/><\/a>\n\t\t\t<\/dt>\n<dd class='wp-caption-text gallery-caption' id='gallery-1-10642'>\n\t\t\t\t\u00a9 Dr. Heike Endemann\n\t\t\t\t<\/dd>\n<\/dl>\n<dl class='gallery-item'>\n<dt class='gallery-icon landscape'>\n\t\t\t\t<a href='https:\/\/kulturbuero-radolfzell.de\/wp-content\/uploads\/sites\/9\/2023\/12\/Jaeger.jpg' rel=\"lightbox[gallery-0]\"><img loading=\"lazy\" decoding=\"async\" width=\"150\" height=\"150\" src=\"https:\/\/kulturbuero-radolfzell.de\/wp-content\/uploads\/sites\/9\/2023\/12\/Jaeger-150x150.jpg\" class=\"attachment-thumbnail size-thumbnail\" alt=\"\" srcset=\"https:\/\/kulturbuero-radolfzell.de\/wp-content\/uploads\/sites\/9\/2023\/12\/Jaeger-150x150.jpg 150w, https:\/\/kulturbuero-radolfzell.de\/wp-content\/uploads\/sites\/9\/2023\/12\/Jaeger-400x400.jpg 400w\" sizes=\"auto, (max-width: 150px) 100vw, 150px\" \/><\/a>\n\t\t\t<\/dt>\n<\/dl>\n<p><br style=\"clear: both\" \/>\n\t\t<\/div>\n<p>  The cemetery can not only be a place of remembrance, but also a place of encounter and cultural diversity: With this in mind, the sculpture trail was established at Radolfzell Forest Cemetery in 2022. A wide variety of sculptures by 16 regional artists can be discovered at the popular open-air art exhibition. Due to its popularity, the permanent exhibition has been extended until March 2025. Works by the following members of the Baden-W\u00fcrttemberg Association of Freelance Sculptors will be on display: Claudia Dietz, Jan Douma, Heike Endemann, Hans Sch\u00fcle, Claudia Dietz, OMI Riesterer, Susanna Giese, Barbara J\u00e4ger, J\u00f6rg Failmezger, Uli Gsell, Birgit Rehfeldt, R\u00fcdiger Seidt, Christoph Traub and Frank Teufel. Vincenz Repnik from Radolfzell will also be exhibiting his sculpture &#8220;Schutzmanteltaube&#8221;. A flyer on the sculpture trail, on which all the works of art are illustrated and described, can be viewed and downloaded from the website of the cultural office: <a href=\"https:\/\/kulturbuero-radolfzell.de\/veranstaltung\/skulpturenpfad-auf-dem-waldfriedhof\/\" target=\"_blank\" rel=\"noopener\">https:\/\/kulturbuero-radolfzell.de\/veranstaltung\/skulpturenpfad-auf-dem-waldfriedhof\/.<\/a> Further flyers can be found in an information box on the sculpture trail itself. All the sculptures are placed in the greenery along a path that stretches between the main entrance and the chapel of the Radolfzell Forest Cemetery. The path is accessible for self-guided tours during the cemetery&#8217;s opening hours. The sculptures on display are for sale. Further information: Jan Drews (Head of Cemetery Department), jan.drews@radolfzell.de, 07732 1698 <strong>How to get there<\/strong> The Radolfzell Forest Cemetery (Kapellenweg 100, 78315 Radolfzell) can be reached by bike in ten minutes from the town center. If you would like to travel by public transport, take bus number 4 to your destination.  &nbsp;<\/p>\n<hr>\n<h2><\/h2>\n<h2><strong>Sculpture symposium<\/strong><\/h2>\n<p>  The sculpture symposium in Mettnaupark took place for the first time in May 2015 and will be repeated every two to three years. The format brings art and its creation into the public space and thus directly to the people. Internationally renowned sculptors relocate their artistic workshop to the Mettnau peninsula for a week under the open sky. Visitors can follow the creation process of the artworks live. Wood, stone, metal &#8211; sawing, chiseling, welding &#8211; the materials and methods used in artistic work are very different. Following the Sculpture Symposium 2022, the artworks were exhibited in Mettnaupark and can be purchased. On sale are &#8220;Gischt&#8221; by Heike Endemann, &#8220;Heinz&#8221; by Birgit Feil, &#8220;hoch hinaus&#8221; by Jan Douma, &#8220;Aufwind&#8221; by Vincenz Repnik and &#8220;wachsen, werden&#8221; by Beate Leinm\u00fcller. Interested parties can view the works of art in Mettnaupark until May 2025.  <\/p>\n<style type=\"text\/css\">\n\t\t\t#gallery-2 {\n\t\t\t\tmargin: auto;\n\t\t\t}\n\t\t\t#gallery-2 .gallery-item {\n\t\t\t\tfloat: left;\n\t\t\t\tmargin-top: 10px;\n\t\t\t\ttext-align: center;\n\t\t\t\twidth: 25%;\n\t\t\t}\n\t\t\t#gallery-2 img {\n\t\t\t\tborder: 2px solid #cfcfcf;\n\t\t\t}\n\t\t\t#gallery-2 .gallery-caption {\n\t\t\t\tmargin-left: 0;\n\t\t\t}\n\t\t\t\/* see gallery_shortcode() in wp-includes\/media.php *\/\n\t\t<\/style>\n<div id='gallery-2' class='gallery galleryid-10696 gallery-columns-4 gallery-size-thumbnail'>\n<dl class='gallery-item'>\n<dt class='gallery-icon landscape'>\n\t\t\t\t<a href='https:\/\/kulturbuero-radolfzell.de\/wp-content\/uploads\/sites\/9\/2022\/08\/B_Feil_2-1-scaled.jpg' rel=\"lightbox[gallery-0]\"><img loading=\"lazy\" decoding=\"async\" width=\"150\" height=\"150\" src=\"https:\/\/kulturbuero-radolfzell.de\/wp-content\/uploads\/sites\/9\/2022\/08\/B_Feil_2-1-150x150.jpg\" class=\"attachment-thumbnail size-thumbnail\" alt=\"\" aria-describedby=\"gallery-2-9506\" srcset=\"https:\/\/kulturbuero-radolfzell.de\/wp-content\/uploads\/sites\/9\/2022\/08\/B_Feil_2-1-150x150.jpg 150w, https:\/\/kulturbuero-radolfzell.de\/wp-content\/uploads\/sites\/9\/2022\/08\/B_Feil_2-1-400x400.jpg 400w, https:\/\/kulturbuero-radolfzell.de\/wp-content\/uploads\/sites\/9\/2022\/08\/B_Feil_2-1-48x48.jpg 48w, https:\/\/kulturbuero-radolfzell.de\/wp-content\/uploads\/sites\/9\/2022\/08\/B_Feil_2-1-300x300.jpg 300w\" sizes=\"auto, (max-width: 150px) 100vw, 150px\" \/><\/a>\n\t\t\t<\/dt>\n<dd class='wp-caption-text gallery-caption' id='gallery-2-9506'>\n\t\t\t\t&#8220;Heinz&#8221; von Birgit Feil\n\t\t\t\t<\/dd>\n<\/dl>\n<dl class='gallery-item'>\n<dt class='gallery-icon portrait'>\n\t\t\t\t<a href='https:\/\/kulturbuero-radolfzell.de\/wp-content\/uploads\/sites\/9\/2022\/08\/bildhauersymposium_heike_endemann_20.jpg' rel=\"lightbox[gallery-0]\"><img loading=\"lazy\" decoding=\"async\" width=\"150\" height=\"150\" src=\"https:\/\/kulturbuero-radolfzell.de\/wp-content\/uploads\/sites\/9\/2022\/08\/bildhauersymposium_heike_endemann_20-150x150.jpg\" class=\"attachment-thumbnail size-thumbnail\" alt=\"\" aria-describedby=\"gallery-2-9482\" srcset=\"https:\/\/kulturbuero-radolfzell.de\/wp-content\/uploads\/sites\/9\/2022\/08\/bildhauersymposium_heike_endemann_20-150x150.jpg 150w, https:\/\/kulturbuero-radolfzell.de\/wp-content\/uploads\/sites\/9\/2022\/08\/bildhauersymposium_heike_endemann_20-400x400.jpg 400w, https:\/\/kulturbuero-radolfzell.de\/wp-content\/uploads\/sites\/9\/2022\/08\/bildhauersymposium_heike_endemann_20-48x48.jpg 48w, https:\/\/kulturbuero-radolfzell.de\/wp-content\/uploads\/sites\/9\/2022\/08\/bildhauersymposium_heike_endemann_20-300x300.jpg 300w\" sizes=\"auto, (max-width: 150px) 100vw, 150px\" \/><\/a>\n\t\t\t<\/dt>\n<dd class='wp-caption-text gallery-caption' id='gallery-2-9482'>\n\t\t\t\t&#8220;Gischt&#8221; von Heike Endemann\n\t\t\t\t<\/dd>\n<\/dl>\n<dl class='gallery-item'>\n<dt class='gallery-icon portrait'>\n\t\t\t\t<a href='https:\/\/kulturbuero-radolfzell.de\/wp-content\/uploads\/sites\/9\/2022\/08\/B_Leinmueller_2-scaled.jpg' rel=\"lightbox[gallery-0]\"><img loading=\"lazy\" decoding=\"async\" width=\"150\" height=\"150\" src=\"https:\/\/kulturbuero-radolfzell.de\/wp-content\/uploads\/sites\/9\/2022\/08\/B_Leinmueller_2-150x150.jpg\" class=\"attachment-thumbnail size-thumbnail\" alt=\"\" aria-describedby=\"gallery-2-9490\" srcset=\"https:\/\/kulturbuero-radolfzell.de\/wp-content\/uploads\/sites\/9\/2022\/08\/B_Leinmueller_2-150x150.jpg 150w, https:\/\/kulturbuero-radolfzell.de\/wp-content\/uploads\/sites\/9\/2022\/08\/B_Leinmueller_2-400x400.jpg 400w, https:\/\/kulturbuero-radolfzell.de\/wp-content\/uploads\/sites\/9\/2022\/08\/B_Leinmueller_2-48x48.jpg 48w, https:\/\/kulturbuero-radolfzell.de\/wp-content\/uploads\/sites\/9\/2022\/08\/B_Leinmueller_2-300x300.jpg 300w\" sizes=\"auto, (max-width: 150px) 100vw, 150px\" \/><\/a>\n\t\t\t<\/dt>\n<dd class='wp-caption-text gallery-caption' id='gallery-2-9490'>\n\t\t\t\t&#8220;wachsen, werden&#8221; von Beate Leinm\u00fcller\n\t\t\t\t<\/dd>\n<\/dl>\n<dl class='gallery-item'>\n<dt class='gallery-icon portrait'>\n\t\t\t\t<a href='https:\/\/kulturbuero-radolfzell.de\/wp-content\/uploads\/sites\/9\/2022\/08\/J_Douma_1-scaled.jpg' rel=\"lightbox[gallery-0]\"><img loading=\"lazy\" decoding=\"async\" width=\"150\" height=\"150\" src=\"https:\/\/kulturbuero-radolfzell.de\/wp-content\/uploads\/sites\/9\/2022\/08\/J_Douma_1-150x150.jpg\" class=\"attachment-thumbnail size-thumbnail\" alt=\"\" aria-describedby=\"gallery-2-9494\" srcset=\"https:\/\/kulturbuero-radolfzell.de\/wp-content\/uploads\/sites\/9\/2022\/08\/J_Douma_1-150x150.jpg 150w, https:\/\/kulturbuero-radolfzell.de\/wp-content\/uploads\/sites\/9\/2022\/08\/J_Douma_1-400x400.jpg 400w, https:\/\/kulturbuero-radolfzell.de\/wp-content\/uploads\/sites\/9\/2022\/08\/J_Douma_1-48x48.jpg 48w, https:\/\/kulturbuero-radolfzell.de\/wp-content\/uploads\/sites\/9\/2022\/08\/J_Douma_1-300x300.jpg 300w\" sizes=\"auto, (max-width: 150px) 100vw, 150px\" \/><\/a>\n\t\t\t<\/dt>\n<dd class='wp-caption-text gallery-caption' id='gallery-2-9494'>\n\t\t\t\t&#8220;Hoch hinaus&#8221; von Jan Douma\n\t\t\t\t<\/dd>\n<\/dl>\n<p><br style=\"clear: both\" \/><\/p>\n<dl class='gallery-item'>\n<dt class='gallery-icon portrait'>\n\t\t\t\t<a href='https:\/\/kulturbuero-radolfzell.de\/wp-content\/uploads\/sites\/9\/2022\/08\/V_Repnik_2-scaled.jpg' rel=\"lightbox[gallery-0]\"><img loading=\"lazy\" decoding=\"async\" width=\"150\" height=\"150\" src=\"https:\/\/kulturbuero-radolfzell.de\/wp-content\/uploads\/sites\/9\/2022\/08\/V_Repnik_2-150x150.jpg\" class=\"attachment-thumbnail size-thumbnail\" alt=\"\" aria-describedby=\"gallery-2-9498\" srcset=\"https:\/\/kulturbuero-radolfzell.de\/wp-content\/uploads\/sites\/9\/2022\/08\/V_Repnik_2-150x150.jpg 150w, https:\/\/kulturbuero-radolfzell.de\/wp-content\/uploads\/sites\/9\/2022\/08\/V_Repnik_2-400x400.jpg 400w, https:\/\/kulturbuero-radolfzell.de\/wp-content\/uploads\/sites\/9\/2022\/08\/V_Repnik_2-48x48.jpg 48w, https:\/\/kulturbuero-radolfzell.de\/wp-content\/uploads\/sites\/9\/2022\/08\/V_Repnik_2-300x300.jpg 300w\" sizes=\"auto, (max-width: 150px) 100vw, 150px\" \/><\/a>\n\t\t\t<\/dt>\n<dd class='wp-caption-text gallery-caption' id='gallery-2-9498'>\n\t\t\t\t&#8220;Aufwind&#8221; von Vincenz Repnik\n\t\t\t\t<\/dd>\n<\/dl>\n<p>\t\t\t<br style='clear: both' \/>\n\t\t<\/div>\n<p>  For more detailed information on the sale, please contact the cultural office at the e-mail address: kulturbuero@radolfzell.de or call 07732\/81-377. With the kind support of <img loading=\"lazy\" decoding=\"async\" class=\"alignnone wp-image-5482\" src=\"https:\/\/kulturbuero-radolfzell.de\/wp-content\/uploads\/sites\/9\/2022\/08\/SV-Logo-RGB-45-300x84.jpg\" alt=\"\" width=\"176\" height=\"49\" srcset=\"https:\/\/kulturbuero-radolfzell.de\/wp-content\/uploads\/sites\/9\/2022\/08\/SV-Logo-RGB-45-300x84.jpg 300w, https:\/\/kulturbuero-radolfzell.de\/wp-content\/uploads\/sites\/9\/2022\/08\/SV-Logo-RGB-45-250x70.jpg 250w, https:\/\/kulturbuero-radolfzell.de\/wp-content\/uploads\/sites\/9\/2022\/08\/SV-Logo-RGB-45.jpg 546w\" sizes=\"auto, (max-width: 176px) 100vw, 176px\" \/>    <img loading=\"lazy\" decoding=\"async\" class=\"alignnone wp-image-5496\" src=\"https:\/\/kulturbuero-radolfzell.de\/wp-content\/uploads\/sites\/9\/2022\/08\/Logo_Messmer-Stiftung_RGB.jpg\" alt=\"\" width=\"131\" height=\"56\"> <img loading=\"lazy\" decoding=\"async\" class=\"alignnone wp-image-5498\" src=\"https:\/\/kulturbuero-radolfzell.de\/wp-content\/uploads\/sites\/9\/2022\/08\/Logo-Birkenmaier-300x162.jpg\" alt=\"\" width=\"98\" height=\"53\" srcset=\"https:\/\/kulturbuero-radolfzell.de\/wp-content\/uploads\/sites\/9\/2022\/08\/Logo-Birkenmaier-300x162.jpg 300w, https:\/\/kulturbuero-radolfzell.de\/wp-content\/uploads\/sites\/9\/2022\/08\/Logo-Birkenmaier-1024x554.jpg 1024w, https:\/\/kulturbuero-radolfzell.de\/wp-content\/uploads\/sites\/9\/2022\/08\/Logo-Birkenmaier-768x415.jpg 768w, https:\/\/kulturbuero-radolfzell.de\/wp-content\/uploads\/sites\/9\/2022\/08\/Logo-Birkenmaier-1536x831.jpg 1536w, https:\/\/kulturbuero-radolfzell.de\/wp-content\/uploads\/sites\/9\/2022\/08\/Logo-Birkenmaier-2048x1108.jpg 2048w, https:\/\/kulturbuero-radolfzell.de\/wp-content\/uploads\/sites\/9\/2022\/08\/Logo-Birkenmaier-250x135.jpg 250w, https:\/\/kulturbuero-radolfzell.de\/wp-content\/uploads\/sites\/9\/2022\/08\/Logo-Birkenmaier-550x297.jpg 550w, https:\/\/kulturbuero-radolfzell.de\/wp-content\/uploads\/sites\/9\/2022\/08\/Logo-Birkenmaier-800x433.jpg 800w, https:\/\/kulturbuero-radolfzell.de\/wp-content\/uploads\/sites\/9\/2022\/08\/Logo-Birkenmaier-333x180.jpg 333w, https:\/\/kulturbuero-radolfzell.de\/wp-content\/uploads\/sites\/9\/2022\/08\/Logo-Birkenmaier-555x300.jpg 555w, https:\/\/kulturbuero-radolfzell.de\/wp-content\/uploads\/sites\/9\/2022\/08\/Logo-Birkenmaier-925x500.jpg 925w\" sizes=\"auto, (max-width: 98px) 100vw, 98px\" \/> <img loading=\"lazy\" decoding=\"async\" class=\"alignnone wp-image-5501\" src=\"https:\/\/kulturbuero-radolfzell.de\/wp-content\/uploads\/sites\/9\/2022\/08\/Mettnau_2009-300x266.jpg\" alt=\"\" width=\"70\" height=\"62\" srcset=\"https:\/\/kulturbuero-radolfzell.de\/wp-content\/uploads\/sites\/9\/2022\/08\/Mettnau_2009-300x266.jpg 300w, https:\/\/kulturbuero-radolfzell.de\/wp-content\/uploads\/sites\/9\/2022\/08\/Mettnau_2009-250x222.jpg 250w, https:\/\/kulturbuero-radolfzell.de\/wp-content\/uploads\/sites\/9\/2022\/08\/Mettnau_2009-203x180.jpg 203w, https:\/\/kulturbuero-radolfzell.de\/wp-content\/uploads\/sites\/9\/2022\/08\/Mettnau_2009-339x300.jpg 339w, https:\/\/kulturbuero-radolfzell.de\/wp-content\/uploads\/sites\/9\/2022\/08\/Mettnau_2009.jpg 430w\" sizes=\"auto, (max-width: 70px) 100vw, 70px\" \/><\/p>\n<p><img loading=\"lazy\" decoding=\"async\" class=\"alignnone wp-image-5500\" src=\"https:\/\/kulturbuero-radolfzell.de\/wp-content\/uploads\/sites\/9\/2022\/08\/BfB-Logo_neukonstruiert-300x39.jpg\" alt=\"\" width=\"261\" height=\"34\" srcset=\"https:\/\/kulturbuero-radolfzell.de\/wp-content\/uploads\/sites\/9\/2022\/08\/BfB-Logo_neukonstruiert-300x39.jpg 300w, https:\/\/kulturbuero-radolfzell.de\/wp-content\/uploads\/sites\/9\/2022\/08\/BfB-Logo_neukonstruiert-1024x132.jpg 1024w, https:\/\/kulturbuero-radolfzell.de\/wp-content\/uploads\/sites\/9\/2022\/08\/BfB-Logo_neukonstruiert-768x99.jpg 768w, https:\/\/kulturbuero-radolfzell.de\/wp-content\/uploads\/sites\/9\/2022\/08\/BfB-Logo_neukonstruiert-1536x198.jpg 1536w, https:\/\/kulturbuero-radolfzell.de\/wp-content\/uploads\/sites\/9\/2022\/08\/BfB-Logo_neukonstruiert-250x32.jpg 250w, https:\/\/kulturbuero-radolfzell.de\/wp-content\/uploads\/sites\/9\/2022\/08\/BfB-Logo_neukonstruiert-550x71.jpg 550w, https:\/\/kulturbuero-radolfzell.de\/wp-content\/uploads\/sites\/9\/2022\/08\/BfB-Logo_neukonstruiert-800x103.jpg 800w, https:\/\/kulturbuero-radolfzell.de\/wp-content\/uploads\/sites\/9\/2022\/08\/BfB-Logo_neukonstruiert-1394x180.jpg 1394w, https:\/\/kulturbuero-radolfzell.de\/wp-content\/uploads\/sites\/9\/2022\/08\/BfB-Logo_neukonstruiert.jpg 1920w\" sizes=\"auto, (max-width: 261px) 100vw, 261px\" \/><\/p>\n<p>&nbsp;<\/p>\n","protected":false},"excerpt":{"rendered":"<p>Art on the sculpture trail The cemetery can not only be a place of remembrance, but also a place of [&hellip;]<\/p>\n","protected":false},"author":1,"featured_media":0,"parent":0,"menu_order":0,"comment_status":"closed","ping_status":"closed","template":"page-layout1.php","meta":{"_price":"","_stock":"","_tribe_ticket_header":"","_tribe_default_ticket_provider":"","_ticket_start_date":"","_ticket_end_date":"","_tribe_ticket_show_description":"","_tribe_ticket_show_not_going":false,"_tribe_ticket_use_global_stock":"","_tribe_ticket_global_stock_level":"","_global_stock_mode":"","_global_stock_cap":"","_tribe_rsvp_for_event":"","_tribe_ticket_going_count":"","_tribe_ticket_not_going_count":"","_tribe_tickets_list":"[]","_tribe_ticket_has_attendee_info_fields":false,"footnotes":""},"class_list":["post-10696","page","type-page","status-publish","hentry"],"yoast_head":"<!-- This site is optimized with the Yoast SEO plugin v26.7 - https:\/\/yoast.com\/wordpress\/plugins\/seo\/ -->\n<title>Fine arts | Kulturb\u00fcro Radolfzell<\/title>\n<meta name=\"description\" content=\"Information and participating artists at the 2019 sculpture symposium in Radolfzell&#039;s Mettnaupark.\" \/>\n<meta name=\"robots\" content=\"index, follow, max-snippet:-1, max-image-preview:large, max-video-preview:-1\" \/>\n<link rel=\"canonical\" href=\"https:\/\/kulturbuero-radolfzell.de\/en\/fine-arts\/\" \/>\n<meta property=\"og:locale\" content=\"en_US\" \/>\n<meta property=\"og:type\" content=\"article\" \/>\n<meta property=\"og:title\" content=\"Fine arts | Kulturb\u00fcro Radolfzell\" \/>\n<meta property=\"og:description\" content=\"Information and participating artists at the 2019 sculpture symposium in Radolfzell&#039;s Mettnaupark.\" \/>\n<meta property=\"og:url\" content=\"https:\/\/kulturbuero-radolfzell.de\/en\/fine-arts\/\" \/>\n<meta property=\"og:site_name\" content=\"Kulturb\u00fcro\" \/>\n<meta property=\"article:modified_time\" content=\"2024-08-08T10:38:19+00:00\" \/>\n<meta property=\"og:image\" content=\"https:\/\/kulturbuero-radolfzell.de\/wp-content\/uploads\/sites\/9\/2023\/12\/rz_bildhauersymposium_76Net-1-150x150.jpg\" \/>\n<meta name=\"twitter:card\" content=\"summary_large_image\" \/>\n<meta name=\"twitter:label1\" content=\"Est. reading time\" \/>\n\t<meta name=\"twitter:data1\" content=\"2 minutes\" \/>\n<script type=\"application\/ld+json\" class=\"yoast-schema-graph\">{\"@context\":\"https:\/\/schema.org\",\"@graph\":[{\"@type\":\"WebPage\",\"@id\":\"https:\/\/kulturbuero-radolfzell.de\/en\/fine-arts\/\",\"url\":\"https:\/\/kulturbuero-radolfzell.de\/en\/fine-arts\/\",\"name\":\"Fine arts | Kulturb\u00fcro Radolfzell\",\"isPartOf\":{\"@id\":\"https:\/\/kulturbuero-radolfzell.de\/en\/#website\"},\"primaryImageOfPage\":{\"@id\":\"https:\/\/kulturbuero-radolfzell.de\/en\/fine-arts\/#primaryimage\"},\"image\":{\"@id\":\"https:\/\/kulturbuero-radolfzell.de\/en\/fine-arts\/#primaryimage\"},\"thumbnailUrl\":\"https:\/\/kulturbuero-radolfzell.de\/wp-content\/uploads\/sites\/9\/2022\/08\/SV-Logo-RGB-45-300x84.jpg\",\"datePublished\":\"2018-11-27T22:15:30+00:00\",\"dateModified\":\"2024-08-08T10:38:19+00:00\",\"description\":\"Information and participating artists at the 2019 sculpture symposium in Radolfzell's Mettnaupark.\",\"breadcrumb\":{\"@id\":\"https:\/\/kulturbuero-radolfzell.de\/en\/fine-arts\/#breadcrumb\"},\"inLanguage\":\"en-US\",\"potentialAction\":[{\"@type\":\"ReadAction\",\"target\":[\"https:\/\/kulturbuero-radolfzell.de\/en\/fine-arts\/\"]}]},{\"@type\":\"ImageObject\",\"inLanguage\":\"en-US\",\"@id\":\"https:\/\/kulturbuero-radolfzell.de\/en\/fine-arts\/#primaryimage\",\"url\":\"https:\/\/kulturbuero-radolfzell.de\/wp-content\/uploads\/sites\/9\/2022\/08\/SV-Logo-RGB-45-300x84.jpg\",\"contentUrl\":\"https:\/\/kulturbuero-radolfzell.de\/wp-content\/uploads\/sites\/9\/2022\/08\/SV-Logo-RGB-45-300x84.jpg\"},{\"@type\":\"BreadcrumbList\",\"@id\":\"https:\/\/kulturbuero-radolfzell.de\/en\/fine-arts\/#breadcrumb\",\"itemListElement\":[{\"@type\":\"ListItem\",\"position\":1,\"name\":\"Startseite\",\"item\":\"https:\/\/kulturbuero-radolfzell.de\/en\/home-page\/\"},{\"@type\":\"ListItem\",\"position\":2,\"name\":\"Fine arts\"}]},{\"@type\":\"WebSite\",\"@id\":\"https:\/\/kulturbuero-radolfzell.de\/en\/#website\",\"url\":\"https:\/\/kulturbuero-radolfzell.de\/en\/\",\"name\":\"Kulturb\u00fcro\",\"description\":\"\",\"publisher\":{\"@id\":\"https:\/\/kulturbuero-radolfzell.de\/en\/#organization\"},\"potentialAction\":[{\"@type\":\"SearchAction\",\"target\":{\"@type\":\"EntryPoint\",\"urlTemplate\":\"https:\/\/kulturbuero-radolfzell.de\/en\/?s={search_term_string}\"},\"query-input\":{\"@type\":\"PropertyValueSpecification\",\"valueRequired\":true,\"valueName\":\"search_term_string\"}}],\"inLanguage\":\"en-US\"},{\"@type\":\"Organization\",\"@id\":\"https:\/\/kulturbuero-radolfzell.de\/en\/#organization\",\"name\":\"Kulturb\u00fcro Radolfzell\",\"url\":\"https:\/\/kulturbuero-radolfzell.de\/en\/\",\"logo\":{\"@type\":\"ImageObject\",\"inLanguage\":\"en-US\",\"@id\":\"https:\/\/kulturbuero-radolfzell.de\/en\/#\/schema\/logo\/image\/\",\"url\":\"https:\/\/kulturbuero-radolfzell.de\/wp-content\/uploads\/sites\/9\/2018\/11\/logo.png\",\"contentUrl\":\"https:\/\/kulturbuero-radolfzell.de\/wp-content\/uploads\/sites\/9\/2018\/11\/logo.png\",\"width\":500,\"height\":251,\"caption\":\"Kulturb\u00fcro Radolfzell\"},\"image\":{\"@id\":\"https:\/\/kulturbuero-radolfzell.de\/en\/#\/schema\/logo\/image\/\"}}]}<\/script>\n<!-- \/ Yoast SEO plugin. -->","yoast_head_json":{"title":"Fine arts | Kulturb\u00fcro Radolfzell","description":"Information and participating artists at the 2019 sculpture symposium in Radolfzell's Mettnaupark.","robots":{"index":"index","follow":"follow","max-snippet":"max-snippet:-1","max-image-preview":"max-image-preview:large","max-video-preview":"max-video-preview:-1"},"canonical":"https:\/\/kulturbuero-radolfzell.de\/en\/fine-arts\/","og_locale":"en_US","og_type":"article","og_title":"Fine arts | Kulturb\u00fcro Radolfzell","og_description":"Information and participating artists at the 2019 sculpture symposium in Radolfzell's Mettnaupark.","og_url":"https:\/\/kulturbuero-radolfzell.de\/en\/fine-arts\/","og_site_name":"Kulturb\u00fcro","article_modified_time":"2024-08-08T10:38:19+00:00","og_image":[{"url":"https:\/\/kulturbuero-radolfzell.de\/wp-content\/uploads\/sites\/9\/2023\/12\/rz_bildhauersymposium_76Net-1-150x150.jpg","type":"","width":"","height":""}],"twitter_card":"summary_large_image","twitter_misc":{"Est. reading time":"2 minutes"},"schema":{"@context":"https:\/\/schema.org","@graph":[{"@type":"WebPage","@id":"https:\/\/kulturbuero-radolfzell.de\/en\/fine-arts\/","url":"https:\/\/kulturbuero-radolfzell.de\/en\/fine-arts\/","name":"Fine arts | Kulturb\u00fcro Radolfzell","isPartOf":{"@id":"https:\/\/kulturbuero-radolfzell.de\/en\/#website"},"primaryImageOfPage":{"@id":"https:\/\/kulturbuero-radolfzell.de\/en\/fine-arts\/#primaryimage"},"image":{"@id":"https:\/\/kulturbuero-radolfzell.de\/en\/fine-arts\/#primaryimage"},"thumbnailUrl":"https:\/\/kulturbuero-radolfzell.de\/wp-content\/uploads\/sites\/9\/2022\/08\/SV-Logo-RGB-45-300x84.jpg","datePublished":"2018-11-27T22:15:30+00:00","dateModified":"2024-08-08T10:38:19+00:00","description":"Information and participating artists at the 2019 sculpture symposium in Radolfzell's Mettnaupark.","breadcrumb":{"@id":"https:\/\/kulturbuero-radolfzell.de\/en\/fine-arts\/#breadcrumb"},"inLanguage":"en-US","potentialAction":[{"@type":"ReadAction","target":["https:\/\/kulturbuero-radolfzell.de\/en\/fine-arts\/"]}]},{"@type":"ImageObject","inLanguage":"en-US","@id":"https:\/\/kulturbuero-radolfzell.de\/en\/fine-arts\/#primaryimage","url":"https:\/\/kulturbuero-radolfzell.de\/wp-content\/uploads\/sites\/9\/2022\/08\/SV-Logo-RGB-45-300x84.jpg","contentUrl":"https:\/\/kulturbuero-radolfzell.de\/wp-content\/uploads\/sites\/9\/2022\/08\/SV-Logo-RGB-45-300x84.jpg"},{"@type":"BreadcrumbList","@id":"https:\/\/kulturbuero-radolfzell.de\/en\/fine-arts\/#breadcrumb","itemListElement":[{"@type":"ListItem","position":1,"name":"Startseite","item":"https:\/\/kulturbuero-radolfzell.de\/en\/home-page\/"},{"@type":"ListItem","position":2,"name":"Fine arts"}]},{"@type":"WebSite","@id":"https:\/\/kulturbuero-radolfzell.de\/en\/#website","url":"https:\/\/kulturbuero-radolfzell.de\/en\/","name":"Kulturb\u00fcro","description":"","publisher":{"@id":"https:\/\/kulturbuero-radolfzell.de\/en\/#organization"},"potentialAction":[{"@type":"SearchAction","target":{"@type":"EntryPoint","urlTemplate":"https:\/\/kulturbuero-radolfzell.de\/en\/?s={search_term_string}"},"query-input":{"@type":"PropertyValueSpecification","valueRequired":true,"valueName":"search_term_string"}}],"inLanguage":"en-US"},{"@type":"Organization","@id":"https:\/\/kulturbuero-radolfzell.de\/en\/#organization","name":"Kulturb\u00fcro Radolfzell","url":"https:\/\/kulturbuero-radolfzell.de\/en\/","logo":{"@type":"ImageObject","inLanguage":"en-US","@id":"https:\/\/kulturbuero-radolfzell.de\/en\/#\/schema\/logo\/image\/","url":"https:\/\/kulturbuero-radolfzell.de\/wp-content\/uploads\/sites\/9\/2018\/11\/logo.png","contentUrl":"https:\/\/kulturbuero-radolfzell.de\/wp-content\/uploads\/sites\/9\/2018\/11\/logo.png","width":500,"height":251,"caption":"Kulturb\u00fcro Radolfzell"},"image":{"@id":"https:\/\/kulturbuero-radolfzell.de\/en\/#\/schema\/logo\/image\/"}}]}},"_links":{"self":[{"href":"https:\/\/kulturbuero-radolfzell.de\/en\/wp-json\/wp\/v2\/pages\/10696","targetHints":{"allow":["GET"]}}],"collection":[{"href":"https:\/\/kulturbuero-radolfzell.de\/en\/wp-json\/wp\/v2\/pages"}],"about":[{"href":"https:\/\/kulturbuero-radolfzell.de\/en\/wp-json\/wp\/v2\/types\/page"}],"author":[{"embeddable":true,"href":"https:\/\/kulturbuero-radolfzell.de\/en\/wp-json\/wp\/v2\/users\/1"}],"replies":[{"embeddable":true,"href":"https:\/\/kulturbuero-radolfzell.de\/en\/wp-json\/wp\/v2\/comments?post=10696"}],"version-history":[{"count":3,"href":"https:\/\/kulturbuero-radolfzell.de\/en\/wp-json\/wp\/v2\/pages\/10696\/revisions"}],"predecessor-version":[{"id":11894,"href":"https:\/\/kulturbuero-radolfzell.de\/en\/wp-json\/wp\/v2\/pages\/10696\/revisions\/11894"}],"wp:attachment":[{"href":"https:\/\/kulturbuero-radolfzell.de\/en\/wp-json\/wp\/v2\/media?parent=10696"}],"curies":[{"name":"wp","href":"https:\/\/api.w.org\/{rel}","templated":true}]}}